{"id":34,"date":"2024-10-07T19:22:26","date_gmt":"2024-10-07T17:22:26","guid":{"rendered":"http:\/\/dpslaziska.pl\/?page_id=34"},"modified":"2025-03-20T13:38:51","modified_gmt":"2025-03-20T12:38:51","slug":"kontakt","status":"publish","type":"page","link":"https:\/\/dpslaziska.pl\/?page_id=34","title":{"rendered":"Kontakt"},"content":{"rendered":"\t\t<div data-elementor-type=\"wp-page\" data-elementor-id=\"34\" class=\"elementor elementor-34\">\n\t\t\t\t<div class=\"elementor-element elementor-element-97c0298 e-flex e-con-boxed e-con e-parent\" data-id=\"97c0298\" data-element_type=\"container\" data-e-type=\"container\">\n\t\t\t\t\t<div class=\"e-con-inner\">\n\t\t\t\t<div class=\"elementor-element elementor-element-0f5058b elementor-widget elementor-widget-text-editor\" data-id=\"0f5058b\" data-element_type=\"widget\" data-e-type=\"widget\" data-widget_type=\"text-editor.default\">\n\t\t\t\t<div class=\"elementor-widget-container\">\n\t\t\t\t\t\t\t\t\t<p style=\"margin-bottom: 0cm; line-height: 115%;\"><span style=\"font-family: Arial, sans-serif; color: #000000;\"><span style=\"font-size: medium;\"><b>Dom Pomocy Spo\u0142ecznej \u201eDom Kombatanta\u201d w \u0141aziskach<\/b><\/span><\/span><\/p><p style=\"margin-bottom: 0cm; line-height: 115%;\"><span style=\"font-family: Arial, sans-serif; color: #000000;\"><span style=\"font-size: medium;\"><b>\u0141aziska ul. Wsp\u00f3lna 1<\/b><\/span><\/span><\/p><p style=\"margin-bottom: 0cm; line-height: 115%;\"><span style=\"font-family: Arial, sans-serif; color: #000000;\"><span style=\"font-size: medium;\"><b>26-505 Oro\u0144sko<\/b><\/span><\/span><\/p><p style=\"margin-bottom: 0cm; line-height: 115%;\"><span style=\"font-family: Arial, sans-serif; color: #000000;\"><span style=\"font-size: medium;\">NIP 799-16-62-288<\/span><\/span><\/p><p style=\"margin-bottom: 0cm; line-height: 115%;\"><span style=\"font-family: Arial, sans-serif; color: #000000;\"><span style=\"font-size: medium;\">REGON 670989124<\/span><\/span><\/p><p>\u00a0<\/p><p style=\"margin-bottom: 0cm; line-height: 115%;\"><span style=\"font-family: Arial, sans-serif; color: #000000;\"><span style=\"font-size: medium;\"><b>Godziny pracy:<\/b><\/span><\/span><\/p><p style=\"margin-bottom: 0cm; line-height: 100%;\"><span style=\"font-family: Arial, sans-serif; color: #000000;\"><span style=\"font-size: medium;\">Administracja:\u00a0 poniedzia\u0142ek &#8211;\u00a0pi\u0105tek\u00a07:00-15:00<\/span><\/span><\/p><p style=\"margin-bottom: 0cm; line-height: 100%;\"><span style=\"font-family: Arial, sans-serif; color: #000000;\"><span style=\"font-size: medium;\">Dzia\u0142 opieku\u0144czy:\u00a0ca\u0142odobowo<\/span><\/span><\/p><p>\u00a0<\/p><p style=\"margin-bottom: 0cm; line-height: 115%;\"><span style=\"font-family: Arial, sans-serif; color: #000000;\"><span style=\"font-size: medium;\"><b>Adres do e-dor\u0119cze\u0144:<\/b><\/span><\/span><\/p><p style=\"margin-bottom: 0cm; line-height: 100%;\"><span style=\"font-family: Arial, sans-serif; color: #000000;\"><span style=\"font-size: medium;\">AE:PL-31567-93319-AGUCU-16<\/span><\/span><\/p><p>\u00a0<\/p><p style=\"margin-bottom: 0cm; line-height: 115%;\"><span style=\"font-family: Arial, sans-serif; color: #000000;\"><span style=\"font-size: medium;\"><b>Elektroniczna skrzynka podawcza: <\/b><\/span><\/span><\/p><p style=\"margin-bottom: 0cm; line-height: 100%;\"><span style=\"font-family: Arial, sans-serif; color: #000000;\"><span style=\"font-size: medium;\">Adres skrzynki:\u00a0 \/dpsdk\/SkrytkaESP<\/span><\/span><\/p><p style=\"margin-bottom: 0cm; line-height: 100%;\"><span style=\"color: #000000;\"><a style=\"color: #000000;\" href=\"https:\/\/epuap.gov.pl\/wps\/portal\/strefa-klienta\/katalog-spraw\/profil-urzedu\/dpsdk\"><span style=\"font-family: Arial, sans-serif;\"><span style=\"font-size: medium;\"><u>https:\/\/epuap.gov.pl\/wps\/portal\/strefa-klienta\/katalog-spraw\/profil-urzedu\/dpsdk<\/u><\/span><\/span><\/a><\/span><\/p><p>\u00a0<\/p><p style=\"margin-bottom: 0cm; line-height: 115%;\"><span style=\"font-family: Arial, sans-serif; color: #000000;\"><span style=\"font-size: medium;\"><b>Dyrektor:<\/b><\/span><\/span><\/p><p style=\"margin-bottom: 0cm; line-height: 115%;\"><span style=\"font-family: Arial, sans-serif; color: #000000;\"><span style=\"font-size: medium;\">Magdalena Bartosiak<\/span><\/span><\/p><p style=\"margin-bottom: 0cm; line-height: 115%;\"><span style=\"font-family: Arial, sans-serif; color: #000000;\"><span style=\"font-size: medium;\">tel.\/fax 48\/ 618-44-37 wew. 103<\/span><\/span><\/p><p style=\"margin-bottom: 0cm; line-height: 115%;\"><a href=\"mailto:dyrektor@dpslaziska.pl\"><span style=\"font-family: Arial, sans-serif;\"><span style=\"font-size: medium;\">dyrektor@dpslaziska.pl<\/span><\/span><\/a><\/p><p style=\"margin-top: 0.18cm; margin-bottom: 0.18cm; line-height: 100%;\"><span style=\"font-family: Arial, sans-serif; color: #000000;\"><span style=\"font-size: medium;\">Osoby zainteresowane spotkaniem z\u00a0Dyrektorem DPS proszone s\u0105\u00a0o\u00a0wcze\u015bniejsze um\u00f3wienie si\u0119 telefoniczne lub osobi\u015bcie w\u00a0sekretariacie Domu.<\/span><\/span><\/p><p>\u00a0<\/p><p style=\"margin-bottom: 0cm; line-height: 115%;\"><span style=\"font-family: Arial, sans-serif; color: #000000;\"><span style=\"font-size: medium;\"><b>Sekretariat:<\/b><\/span><\/span><\/p><p style=\"margin-bottom: 0cm; line-height: 115%;\"><span style=\"font-family: Arial, sans-serif; color: #000000;\"><span style=\"font-size: medium;\">Klaudia Latos<\/span><\/span><\/p><p style=\"margin-bottom: 0cm; line-height: 115%;\"><span style=\"font-family: Arial, sans-serif; color: #000000;\"><span style=\"font-size: medium;\">tel.\/fax 48\/ 618-44-37 wew. 103<\/span><\/span><\/p><p style=\"margin-bottom: 0cm; line-height: 115%;\"><span style=\"font-family: Arial, sans-serif;\"><span style=\"font-size: medium;\"><span style=\"color: #000000;\">e-mail:<\/span> <a href=\"mailto:sekretariat@dpslaziska.pl\">sekretariat@dpslaziska.pl<\/a> <\/span><\/span><\/p><p>\u00a0<\/p><p style=\"margin-bottom: 0cm;\"><span style=\"font-family: Arial, sans-serif; color: #000000;\"><span style=\"font-size: medium;\"><b>Dzia\u0142 Opieku\u0144czy:<\/b><\/span><\/span><\/p><p style=\"margin-bottom: 0cm;\"><span style=\"font-family: Arial, sans-serif; color: #000000;\"><span style=\"font-size: medium;\">Kierownik \u2013 Anna Rokita<\/span><\/span><\/p><p style=\"margin-bottom: 0cm; line-height: 115%;\"><span style=\"font-family: Arial, sans-serif; color: #000000;\"><span style=\"font-size: medium;\">tel.\/fax 48\/ 618-44-37 wew. 105<\/span><\/span><\/p><p>\u00a0<\/p><p style=\"margin-bottom: 0cm; line-height: 115%;\"><span style=\"font-family: Arial, sans-serif; color: #000000;\"><span style=\"font-size: medium;\"><b>Dy\u017curka piel\u0119gniarek \u2013 ca\u0142odobowo<\/b><\/span><\/span><\/p><p style=\"margin-bottom: 0cm; line-height: 115%;\"><span style=\"font-family: Arial, sans-serif; color: #000000;\"><span style=\"font-size: medium;\">tel. 48\/ 618-44-37 wew. 110<\/span><\/span><\/p><p>\u00a0<\/p><p style=\"margin-bottom: 0cm;\"><span style=\"font-family: Arial, sans-serif; color: #000000;\"><span style=\"font-size: medium;\"><b>Dzia\u0142 terapeutyczny:<\/b><\/span><\/span><\/p><p style=\"margin-bottom: 0cm;\"><span style=\"font-family: Arial, sans-serif; color: #000000;\"><span style=\"font-size: medium;\">Pracownicy socjalni \u2013 Aleksandra Korczy\u0144ska, Eliza Cegli\u0144ska<\/span><\/span><\/p><p style=\"margin-bottom: 0cm; line-height: 115%;\"><span style=\"font-family: Arial, sans-serif; color: #000000;\"><span style=\"font-size: medium;\">tel.\/fax 48\/ 618-44-37 wew. 109<\/span><\/span><\/p><p style=\"margin-bottom: 0cm;\"><span style=\"font-family: Arial, sans-serif;\"><span style=\"font-size: medium;\"><span style=\"color: #000000;\">e-mail:<\/span> <a href=\"mailto:socjalny@dpslaziska.pl\">socjalny@dpslaziska.pl<\/a><\/span><\/span><\/p><p style=\"margin-bottom: 0cm;\"><span style=\"font-family: Arial, sans-serif; color: #000000;\"><span style=\"font-size: medium;\">Terapia zaj\u0119ciowa \u2013 Wioleta Turek, Martyna Szyszka<\/span><\/span><\/p><p style=\"margin-bottom: 0cm; line-height: 115%;\"><span style=\"font-family: Arial, sans-serif; color: #000000;\"><span style=\"font-size: medium;\">tel.\/fax 48\/ 618-44-37 wew. 104<\/span><\/span><\/p><p>\u00a0<\/p><p style=\"margin-bottom: 0cm;\"><span style=\"font-family: Arial, sans-serif; color: #000000;\"><span style=\"font-size: medium;\"><b>Dzia\u0142 finansowo-ksi\u0119gowy:<\/b><\/span><\/span><\/p><p style=\"margin-bottom: 0cm;\"><span style=\"font-family: Arial, sans-serif; color: #000000;\"><span style=\"font-size: medium;\">G\u0142\u00f3wny ksi\u0119gowy \u2013 Dorota Wrzesie\u0144<\/span><\/span><\/p><p style=\"margin-bottom: 0cm; line-height: 115%;\"><span style=\"font-family: Arial, sans-serif; color: #000000;\"><span style=\"font-size: medium;\">tel.\/fax 48\/ 618-44-37 wew. 108<\/span><\/span><\/p><p style=\"margin-bottom: 0cm;\"><span style=\"font-family: Arial, sans-serif;\"><span style=\"font-size: medium;\"><span style=\"color: #000000;\">e-mail:<\/span> <a href=\"mailto:ksi\u0119gowy@dpslaziska.pl\">ksi\u0119gowy@dpslaziska.pl<\/a><\/span><\/span><\/p><p style=\"margin-bottom: 0cm;\"><span style=\"font-family: Arial, sans-serif; color: #000000;\"><span style=\"font-size: medium;\">Ksi\u0119gowo\u015b\u0107 \u2013 Marta P\u0142atos, Artur Babula, Anieszka Iwaniec<\/span><\/span><\/p><p style=\"margin-bottom: 0cm; line-height: 115%;\"><span style=\"font-family: Arial, sans-serif; color: #000000;\"><span style=\"font-size: medium;\">tel.\/fax 48\/ 618-44-37 wew. 107<\/span><\/span><\/p><p style=\"margin-bottom: 0cm;\"><span style=\"color: #000000;\"><a style=\"color: #000000;\" name=\"Bookmark\"><\/a><\/span><span style=\"font-family: Arial, sans-serif;\"><span style=\"font-size: medium;\"><span style=\"color: #000000;\">e-mail:<\/span> <a href=\"mailto:ksi\u0119gowosc@dpslaziska.pl\">ksi\u0119gowosc@dpslaziska.pl<\/a><\/span><\/span><\/p><p>\u00a0<\/p><p style=\"margin-bottom: 0cm; line-height: 115%;\"><span style=\"font-family: Arial, sans-serif; color: #000000;\"><span style=\"font-size: medium;\"><b>Dzia\u0142 administracyjno-gospodarczy:<\/b><\/span><\/span><\/p><p style=\"margin-bottom: 0cm; line-height: 115%;\"><span style=\"font-family: Arial, sans-serif; color: #000000;\"><span style=\"font-size: medium;\">G\u0142\u00f3wny administrator \u2013 Magdalena G\u00f3rnik<\/span><\/span><\/p><p style=\"margin-bottom: 0cm; line-height: 115%;\"><span style=\"font-family: Arial, sans-serif; color: #000000;\"><span style=\"font-size: medium;\">tel.\/fax 48\/ 618-44-37 wew. 114<\/span><\/span><\/p><p style=\"margin-bottom: 0cm;\"><span style=\"font-family: Arial, sans-serif;\"><span style=\"font-size: medium;\"><span style=\"color: #000000;\">e-mail:<\/span> <a href=\"mailto:administracja@dpslaziska.pl\">administracja@dpslaziska.pl<\/a><\/span><\/span><\/p><p>\u00a0<\/p><p style=\"margin-bottom: 0cm;\"><span style=\"font-family: Arial, sans-serif;\"><span style=\"font-size: medium;\"><span style=\"color: #000000;\"><b>Kuchnia:<\/b><\/span><\/span><\/span><\/p><p style=\"margin-bottom: 0cm;\"><span style=\"font-family: Arial, sans-serif;\"><span style=\"font-size: medium;\"><span style=\"color: #000000;\">Szef kuchni \u2013 Anna Suligowska<\/span><\/span><\/span><\/p><p style=\"margin-bottom: 0cm; line-height: 115%;\"><span style=\"font-family: Arial, sans-serif;\"><span style=\"font-size: medium;\"><span style=\"color: #000000;\">tel.\/fax 48\/ 618-44-37 wew. 119<\/span><\/span><\/span><\/p><p style=\"margin-bottom: 0cm;\"><span style=\"font-family: Arial, sans-serif;\"><span style=\"font-size: medium;\"><span style=\"color: #000000;\">Magazynier \u2013 Iwona \u015alizak<\/span><\/span><\/span><\/p><p style=\"margin-bottom: 0cm; line-height: 115%;\"><span style=\"font-family: Arial, sans-serif;\"><span style=\"font-size: medium;\"><span style=\"color: #000000;\">tel.\/fax 48\/ 618-44-37 wew. 119<\/span><\/span><\/span><\/p><p style=\"margin-bottom: 0cm;\"><span style=\"font-family: Arial, sans-serif;\"><span style=\"font-size: medium;\"><span style=\"color: #000000;\">e-mail: <a href=\"mailto:magazyn@dpslaziska.pl\">magazyn@dpslaziska.pl<\/a><\/span><\/span><\/span><\/p><p style=\"margin-bottom: 0cm;\">\u00a0<\/p>\t\t\t\t\t\t\t\t<\/div>\n\t\t\t\t<\/div>\n\t\t\t\t\t<\/div>\n\t\t\t\t<\/div>\n\t\t\t\t<\/div>\n\t\t","protected":false},"excerpt":{"rendered":"<p>Dom Pomocy Spo\u0142ecznej \u201eDom Kombatanta\u201d w \u0141aziskach \u0141aziska ul. Wsp\u00f3lna 1 26-505 Oro\u0144sko NIP 799-16-62-288 REGON 670989124 \u00a0 Godziny pracy: Administracja:\u00a0 poniedzia\u0142ek &#8211;\u00a0pi\u0105tek\u00a07:00-15:00 Dzia\u0142 opieku\u0144czy:\u00a0ca\u0142odobowo \u00a0 Adres do e-dor\u0119cze\u0144: AE:PL-31567-93319-AGUCU-16 \u00a0 Elektroniczna skrzynka podawcza: Adres skrzynki:\u00a0 \/dpsdk\/SkrytkaESP https:\/\/epuap.gov.pl\/wps\/portal\/strefa-klienta\/katalog-spraw\/profil-urzedu\/dpsdk \u00a0 Dyrektor: &hellip; <a href=\"https:\/\/dpslaziska.pl\/?page_id=34\">Czytaj dalej <span class=\"meta-nav\">&rarr;<\/span><\/a><\/p>\n","protected":false},"author":1,"featured_media":0,"parent":0,"menu_order":0,"comment_status":"closed","ping_status":"closed","template":"","meta":{"footnotes":""},"class_list":["post-34","page","type-page","status-publish","hentry"],"yoast_head":"<!-- This site is optimized with the Yoast SEO plugin v26.3 - https:\/\/yoast.com\/wordpress\/plugins\/seo\/ -->\n<title>Kontakt - Dom Pomocy Spo\u0142ecznej &quot;Dom Kombatanta&quot; w \u0141aziskach<\/title>\n<meta name=\"robots\" content=\"index, follow, max-snippet:-1, max-image-preview:large, max-video-preview:-1\" \/>\n<link rel=\"canonical\" href=\"https:\/\/dpslaziska.pl\/?page_id=34\" \/>\n<meta property=\"og:locale\" content=\"pl_PL\" \/>\n<meta property=\"og:type\" content=\"article\" \/>\n<meta property=\"og:title\" content=\"Kontakt - Dom Pomocy Spo\u0142ecznej &quot;Dom Kombatanta&quot; w \u0141aziskach\" \/>\n<meta property=\"og:description\" content=\"Dom Pomocy Spo\u0142ecznej \u201eDom Kombatanta\u201d w \u0141aziskach \u0141aziska ul. Wsp\u00f3lna 1 26-505 Oro\u0144sko NIP 799-16-62-288 REGON 670989124 \u00a0 Godziny pracy: Administracja:\u00a0 poniedzia\u0142ek &#8211;\u00a0pi\u0105tek\u00a07:00-15:00 Dzia\u0142 opieku\u0144czy:\u00a0ca\u0142odobowo \u00a0 Adres do e-dor\u0119cze\u0144: AE:PL-31567-93319-AGUCU-16 \u00a0 Elektroniczna skrzynka podawcza: Adres skrzynki:\u00a0 \/dpsdk\/SkrytkaESP https:\/\/epuap.gov.pl\/wps\/portal\/strefa-klienta\/katalog-spraw\/profil-urzedu\/dpsdk \u00a0 Dyrektor: &hellip; Czytaj dalej &rarr;\" \/>\n<meta property=\"og:url\" content=\"https:\/\/dpslaziska.pl\/?page_id=34\" \/>\n<meta property=\"og:site_name\" content=\"Dom Pomocy Spo\u0142ecznej &quot;Dom Kombatanta&quot; w \u0141aziskach\" \/>\n<meta property=\"article:modified_time\" content=\"2025-03-20T12:38:51+00:00\" \/>\n<meta name=\"twitter:card\" content=\"summary_large_image\" \/>\n<meta name=\"twitter:label1\" content=\"Szacowany czas czytania\" \/>\n\t<meta name=\"twitter:data1\" content=\"2 minuty\" \/>\n<script type=\"application\/ld+json\" class=\"yoast-schema-graph\">{\"@context\":\"https:\/\/schema.org\",\"@graph\":[{\"@type\":\"WebPage\",\"@id\":\"https:\/\/dpslaziska.pl\/?page_id=34\",\"url\":\"https:\/\/dpslaziska.pl\/?page_id=34\",\"name\":\"Kontakt - Dom Pomocy Spo\u0142ecznej &quot;Dom Kombatanta&quot; w \u0141aziskach\",\"isPartOf\":{\"@id\":\"https:\/\/dpslaziska.pl\/#website\"},\"datePublished\":\"2024-10-07T17:22:26+00:00\",\"dateModified\":\"2025-03-20T12:38:51+00:00\",\"breadcrumb\":{\"@id\":\"https:\/\/dpslaziska.pl\/?page_id=34#breadcrumb\"},\"inLanguage\":\"pl-PL\",\"potentialAction\":[{\"@type\":\"ReadAction\",\"target\":[\"https:\/\/dpslaziska.pl\/?page_id=34\"]}]},{\"@type\":\"BreadcrumbList\",\"@id\":\"https:\/\/dpslaziska.pl\/?page_id=34#breadcrumb\",\"itemListElement\":[{\"@type\":\"ListItem\",\"position\":1,\"name\":\"Home\",\"item\":\"https:\/\/dpslaziska.pl\/\"},{\"@type\":\"ListItem\",\"position\":2,\"name\":\"Kontakt\"}]},{\"@type\":\"WebSite\",\"@id\":\"https:\/\/dpslaziska.pl\/#website\",\"url\":\"https:\/\/dpslaziska.pl\/\",\"name\":\"Dom Pomocy Spo\u0142ecznej &quot;Dom Kombatanta&quot; w \u0141aziskach\",\"description\":\"\",\"potentialAction\":[{\"@type\":\"SearchAction\",\"target\":{\"@type\":\"EntryPoint\",\"urlTemplate\":\"https:\/\/dpslaziska.pl\/?s={search_term_string}\"},\"query-input\":{\"@type\":\"PropertyValueSpecification\",\"valueRequired\":true,\"valueName\":\"search_term_string\"}}],\"inLanguage\":\"pl-PL\"}]}<\/script>\n<!-- \/ Yoast SEO plugin. -->","yoast_head_json":{"title":"Kontakt - Dom Pomocy Spo\u0142ecznej &quot;Dom Kombatanta&quot; w \u0141aziskach","robots":{"index":"index","follow":"follow","max-snippet":"max-snippet:-1","max-image-preview":"max-image-preview:large","max-video-preview":"max-video-preview:-1"},"canonical":"https:\/\/dpslaziska.pl\/?page_id=34","og_locale":"pl_PL","og_type":"article","og_title":"Kontakt - Dom Pomocy Spo\u0142ecznej &quot;Dom Kombatanta&quot; w \u0141aziskach","og_description":"Dom Pomocy Spo\u0142ecznej \u201eDom Kombatanta\u201d w \u0141aziskach \u0141aziska ul. Wsp\u00f3lna 1 26-505 Oro\u0144sko NIP 799-16-62-288 REGON 670989124 \u00a0 Godziny pracy: Administracja:\u00a0 poniedzia\u0142ek &#8211;\u00a0pi\u0105tek\u00a07:00-15:00 Dzia\u0142 opieku\u0144czy:\u00a0ca\u0142odobowo \u00a0 Adres do e-dor\u0119cze\u0144: AE:PL-31567-93319-AGUCU-16 \u00a0 Elektroniczna skrzynka podawcza: Adres skrzynki:\u00a0 \/dpsdk\/SkrytkaESP https:\/\/epuap.gov.pl\/wps\/portal\/strefa-klienta\/katalog-spraw\/profil-urzedu\/dpsdk \u00a0 Dyrektor: &hellip; Czytaj dalej &rarr;","og_url":"https:\/\/dpslaziska.pl\/?page_id=34","og_site_name":"Dom Pomocy Spo\u0142ecznej &quot;Dom Kombatanta&quot; w \u0141aziskach","article_modified_time":"2025-03-20T12:38:51+00:00","twitter_card":"summary_large_image","twitter_misc":{"Szacowany czas czytania":"2 minuty"},"schema":{"@context":"https:\/\/schema.org","@graph":[{"@type":"WebPage","@id":"https:\/\/dpslaziska.pl\/?page_id=34","url":"https:\/\/dpslaziska.pl\/?page_id=34","name":"Kontakt - Dom Pomocy Spo\u0142ecznej &quot;Dom Kombatanta&quot; w \u0141aziskach","isPartOf":{"@id":"https:\/\/dpslaziska.pl\/#website"},"datePublished":"2024-10-07T17:22:26+00:00","dateModified":"2025-03-20T12:38:51+00:00","breadcrumb":{"@id":"https:\/\/dpslaziska.pl\/?page_id=34#breadcrumb"},"inLanguage":"pl-PL","potentialAction":[{"@type":"ReadAction","target":["https:\/\/dpslaziska.pl\/?page_id=34"]}]},{"@type":"BreadcrumbList","@id":"https:\/\/dpslaziska.pl\/?page_id=34#breadcrumb","itemListElement":[{"@type":"ListItem","position":1,"name":"Home","item":"https:\/\/dpslaziska.pl\/"},{"@type":"ListItem","position":2,"name":"Kontakt"}]},{"@type":"WebSite","@id":"https:\/\/dpslaziska.pl\/#website","url":"https:\/\/dpslaziska.pl\/","name":"Dom Pomocy Spo\u0142ecznej &quot;Dom Kombatanta&quot; w \u0141aziskach","description":"","potentialAction":[{"@type":"SearchAction","target":{"@type":"EntryPoint","urlTemplate":"https:\/\/dpslaziska.pl\/?s={search_term_string}"},"query-input":{"@type":"PropertyValueSpecification","valueRequired":true,"valueName":"search_term_string"}}],"inLanguage":"pl-PL"}]}},"_links":{"self":[{"href":"https:\/\/dpslaziska.pl\/index.php?rest_route=\/wp\/v2\/pages\/34","targetHints":{"allow":["GET"]}}],"collection":[{"href":"https:\/\/dpslaziska.pl\/index.php?rest_route=\/wp\/v2\/pages"}],"about":[{"href":"https:\/\/dpslaziska.pl\/index.php?rest_route=\/wp\/v2\/types\/page"}],"author":[{"embeddable":true,"href":"https:\/\/dpslaziska.pl\/index.php?rest_route=\/wp\/v2\/users\/1"}],"replies":[{"embeddable":true,"href":"https:\/\/dpslaziska.pl\/index.php?rest_route=%2Fwp%2Fv2%2Fcomments&post=34"}],"version-history":[{"count":104,"href":"https:\/\/dpslaziska.pl\/index.php?rest_route=\/wp\/v2\/pages\/34\/revisions"}],"predecessor-version":[{"id":662,"href":"https:\/\/dpslaziska.pl\/index.php?rest_route=\/wp\/v2\/pages\/34\/revisions\/662"}],"wp:attachment":[{"href":"https:\/\/dpslaziska.pl\/index.php?rest_route=%2Fwp%2Fv2%2Fmedia&parent=34"}],"curies":[{"name":"wp","href":"https:\/\/api.w.org\/{rel}","templated":true}]}}